{"id":1938,"date":"2026-01-19T13:27:34","date_gmt":"2026-01-19T12:27:34","guid":{"rendered":"https:\/\/kasperskaclinic.com\/?page_id=1938"},"modified":"2026-01-19T13:40:52","modified_gmt":"2026-01-19T12:40:52","slug":"rodo","status":"publish","type":"page","link":"https:\/\/kasperskaclinic.com\/?page_id=1938","title":{"rendered":"Rodo"},"content":{"rendered":"\t\t<div data-elementor-type=\"wp-page\" data-elementor-id=\"1938\" class=\"elementor elementor-1938\" data-elementor-post-type=\"page\">\n\t\t\t\t<div class=\"elementor-element elementor-element-2240652a e-flex e-con-boxed e-con e-parent\" data-id=\"2240652a\" data-element_type=\"container\">\n\t\t\t\t\t<div class=\"e-con-inner\">\n\t\t\t\t<div class=\"elementor-element elementor-element-53e7ce6f elementor-widget elementor-widget-text-editor\" data-id=\"53e7ce6f\" data-element_type=\"widget\" data-widget_type=\"text-editor.default\">\n\t\t\t\t<div class=\"elementor-widget-container\">\n\t\t\t\t\t\t\t<!-- wp:paragraph -->\n<p><strong>INFORMACJA O PRZETWARZANIU DANYCH OSOBOWYCH (RODO)<\/strong><\/p>\n<!-- \/wp:paragraph --><!-- wp:paragraph -->\n<p>Zgodnie z art. 13 ust. 1 i ust. 2 Og\u00f3lnego Rozporz\u0105dzenia o Ochronie Danych Osobowych (RODO) z dnia 27 kwietnia 2016 r. w sprawie ochrony os\u00f3b fizycznych w zwi\u0105zku z przetwarzaniem danych osobowych i w sprawie swobodnego przep\u0142ywu takich danych oraz uchylenia dyrektywy 95\/46\/WE, informujemy:<\/p>\n<!-- \/wp:paragraph --><!-- wp:paragraph -->\n<p>1. Administratorem Pa\u0144stwa danych osobowych, zbieranych podczas rejestracji w naszym gabinecie, odpowiedzialnym za zapewnienie bezpiecze\u0144stwa Pa\u0144stwa danych osobowych, jest przez DARIA KASPERSKA CLINIC.<\/p>\n<!-- \/wp:paragraph --><!-- wp:paragraph -->\n<p>2. Przetwarzanie Pa\u0144stwa danych osobowych jest niezb\u0119dne w celu zrealizowania naszej us\u0142ugi, a w szczeg\u00f3lno\u015bci: za\u0142o\u017cenia przeze mnie karty z historii odbytych zabieg\u00f3w, wysy\u0142ania wiadomo\u015bci e- mail\/SMS z przypomnieniem o wizycie, czy wystawienia rachunku lub faktury. Podstawa prawna zbierania tych danych jest art. 6 ust. 1 pkt. b Og\u00f3lnego Rozporz\u0105dzenia o Ochronie Danych Osobowych z dnia 27 kwietnia 2016 r.<br \/>\u00a0 \u00a0 \u00a0 Copyrights by DARIA KASPERSKA \u00ae 2021<br \/>\u00a0 \u00a0<br \/>3. W trakcie rejestracji w naszym gabinecie prosimy o nast\u0119puj\u0105ce dane osobowe: imi\u0119 i nazwisko; adres (ulica, numer domu\/numer domu i lokalu, kod pocztowy i miasto); numer telefonu, dat\u0119 urodzenia, kontakt do osoby w nag\u0142ych przypadkach; dodatkowo adres mailowy (podawany dobrowolnie, je\u015bli Klient \u017cyczy sobie t\u0119 form\u0119 kontaktu, zamierza korzysta\u0107 z opcji rezerwacji wizyt online, tudzie\u017c otrzymywa\u0107 informacje o aktualnych promocjach i ofercie salonu np. newsletter.)<\/p>\n<!-- \/wp:paragraph --><!-- wp:paragraph -->\n<p>4. Podanie danych jest dobrowolne, lecz niezb\u0119dne do skorzystania z us\u0142ugi naszego gabinetu. W przypadku niepodania danych nie b\u0119d\u0105 mogli Pa\u0144stwo skorzysta\u0107 z naszych \u015bwiadcze\u0144.<\/p>\n<!-- \/wp:paragraph --><!-- wp:paragraph -->\n<p>5. Przys\u0142uguje Pa\u0144stwu prawo dost\u0119pu do tre\u015bci danych oraz ich sprostowania, usuni\u0119cia lub ograniczenia przetwarzania, a tak\u017ce prawo sprzeciwu, \u017c\u0105dania zaprzestania przetwarzania i przenoszenia danych, jak r\u00f3wnie\u017c prawo do cofni\u0119cia zgody w dowolnym momencie oraz prawo do wniesienia skargi do organu nadzorczego (Prezes Urz\u0119du Ochrony Danych Osobowych). W zwi\u0105zku z przetwarzaniem Pani danych os. przys\u0142uguje Pani prawo do:<\/p>\n<!-- \/wp:paragraph --><!-- wp:paragraph -->\n<p>5.1. \u017b\u0105dania od Administratora dost\u0119pu, sprostowania, usuni\u0119cia, ograniczenia i przetwarzania do Pani danych osobowych; Wniesienia sprzeciwu wobec przetwarzania Pani danych osobowych i przenoszenia Pani danych osobowych; Wniesienia skargi do organu nadzorczego, je\u015bli uznasz, \u017ce przetwarzanie Twoich danych jest niezgodne z aktualnie obowi\u0105zuj\u0105cymi przepisami prawa w zakresie ochrony danych.<\/p>\n<!-- \/wp:paragraph --><!-- wp:paragraph -->\n<p>6. Pa\u0144stwa dane osobowe b\u0119d\u0105 udost\u0119pniane innym odbiorcom danych, takim jak serwisy \u015bwiadcz\u0105ce us\u0142ugi utrzymania systemu informatycznego i hostingu, dostawc\u0119 us\u0142ugi poczty elektronicznej, dostawc\u0119 us\u0142ugi systemu do zarz\u0105dzania gabinetem, dostawc\u0119 us\u0142ugi mailingu, itp. Pa\u0144stwa dane nie b\u0119d\u0105 podlega\u0142y profilowaniu.<\/p>\n<!-- \/wp:paragraph --><!-- wp:paragraph -->\n<p>7. Administrator danych nie b\u0119dzie przekazywa\u0142 danych osobowych do pa\u0144stwa trzeciego lub organizacji mi\u0119dzynarodowej. Pa\u0144stwa dane osobowe b\u0119d\u0105 przechowywane wy\u0142\u0105cznie przez okres korzystania z us\u0142ug naszego gabinetu oraz nie d\u0142u\u017cej ni\u017c 5 lat, licz\u0105c od pocz\u0105tku roku nast\u0119puj\u0105cego po roku, w kt\u00f3rym przestali Pa\u0144stwo skorzysta\u0107 z naszych \u015bwiadcze\u0144.<\/p>\n<!-- \/wp:paragraph --><!-- wp:paragraph -->\n<p>8. Pa\u0144stwa dane osobowe b\u0119d\u0105 przetwarzane przez okres niezb\u0119dny do realizacji us\u0142ugi oraz po jej zako\u0144czeniu, w celu realizacji prawnie uzasadnionych interes\u00f3w Administratora Danych tj.:<br \/>Marketingu w\u0142asnych produkt\u00f3w lub us\u0142ug<br \/>Dochodzenia ewentualnych roszcze\u0144 w zwi\u0105zku z realizacj\u0105 us\u0142ugi \u2013 zgodnie z obowi\u0105zuj\u0105cymi przepisami prawnymi dotycz\u0105cymi termin\u00f3w przedawnienia roszcze\u0144, art. 117 i nast. Ustawy Kodeks cywilny (Dz. U. 1964, nr 16 poz. 93. Ze zm.)<\/p>\n<!-- \/wp:paragraph --><!-- wp:paragraph -->\n<p>9. Administrator dok\u0142ada wszelkich stara\u0144, aby zapewni\u0107 wszelkie \u015brodki fizycznej, technicznej i\u00a0organizacyjnej ochrony danych osobowych przed ich przypadkowym czy umy\u015blnym zniszczeniem, przypadkow\u0105 utrat\u0105, zmian\u0105, nieuprawnionym ujawnieniem, wykorzystaniem czy dost\u0119pem, zgodnie ze wszystkimi obowi\u0105zuj\u0105cymi przepisami.<\/p>\n<!-- \/wp:paragraph -->\t\t\t\t\t\t<\/div>\n\t\t\t\t<\/div>\n\t\t\t\t\t<\/div>\n\t\t\t\t<\/div>\n\t\t\t\t<\/div>\n\t\t","protected":false},"excerpt":{"rendered":"<p>INFORMACJA O PRZETWARZANIU DANYCH OSOBOWYCH (RODO) Zgodnie z art. 13 ust. 1 i ust. 2 Og\u00f3lnego Rozporz\u0105dzenia o Ochronie Danych Osobowych (RODO) z dnia 27 kwietnia 2016 r. w sprawie ochrony os\u00f3b fizycznych w zwi\u0105zku z przetwarzaniem danych osobowych i w sprawie swobodnego przep\u0142ywu takich danych oraz uchylenia dyrektywy 95\/46\/WE, informujemy: 1. Administratorem Pa\u0144stwa danych [&hellip;]<\/p>\n","protected":false},"author":1,"featured_media":0,"parent":0,"menu_order":0,"comment_status":"closed","ping_status":"closed","template":"elementor_header_footer","meta":{"footnotes":""},"class_list":["post-1938","page","type-page","status-publish","hentry"],"acf":[],"_links":{"self":[{"href":"https:\/\/kasperskaclinic.com\/index.php?rest_route=\/wp\/v2\/pages\/1938","targetHints":{"allow":["GET"]}}],"collection":[{"href":"https:\/\/kasperskaclinic.com\/index.php?rest_route=\/wp\/v2\/pages"}],"about":[{"href":"https:\/\/kasperskaclinic.com\/index.php?rest_route=\/wp\/v2\/types\/page"}],"author":[{"embeddable":true,"href":"https:\/\/kasperskaclinic.com\/index.php?rest_route=\/wp\/v2\/users\/1"}],"replies":[{"embeddable":true,"href":"https:\/\/kasperskaclinic.com\/index.php?rest_route=%2Fwp%2Fv2%2Fcomments&post=1938"}],"version-history":[{"count":4,"href":"https:\/\/kasperskaclinic.com\/index.php?rest_route=\/wp\/v2\/pages\/1938\/revisions"}],"predecessor-version":[{"id":1943,"href":"https:\/\/kasperskaclinic.com\/index.php?rest_route=\/wp\/v2\/pages\/1938\/revisions\/1943"}],"wp:attachment":[{"href":"https:\/\/kasperskaclinic.com\/index.php?rest_route=%2Fwp%2Fv2%2Fmedia&parent=1938"}],"curies":[{"name":"wp","href":"https:\/\/api.w.org\/{rel}","templated":true}]}}